{"id":1227,"date":"2024-01-30T12:26:32","date_gmt":"2024-01-30T17:26:32","guid":{"rendered":"https:\/\/carly.com\/?page_id=1227"},"modified":"2025-07-29T11:28:24","modified_gmt":"2025-07-29T15:28:24","slug":"politique-de-location","status":"publish","type":"page","link":"https:\/\/carly.com\/fr\/politique-de-location\/","title":{"rendered":"Politique de Location"},"content":{"rendered":"[vc_row type=\u00a0\u00bbfull_width_background\u00a0\u00bb full_screen_row_position=\u00a0\u00bbmiddle\u00a0\u00bb column_margin=\u00a0\u00bbdefault\u00a0\u00bb column_direction=\u00a0\u00bbdefault\u00a0\u00bb column_direction_tablet=\u00a0\u00bbdefault\u00a0\u00bb column_direction_phone=\u00a0\u00bbdefault\u00a0\u00bb bg_image=\u00a0\u00bb305&Prime; bg_position=\u00a0\u00bbcenter center\u00a0\u00bb background_image_loading=\u00a0\u00bbdefault\u00a0\u00bb bg_repeat=\u00a0\u00bbno-repeat\u00a0\u00bb scene_position=\u00a0\u00bbcenter\u00a0\u00bb top_padding=\u00a0\u00bb100&Prime; bottom_padding=\u00a0\u00bb100&Prime; text_color=\u00a0\u00bbdark\u00a0\u00bb text_align=\u00a0\u00bbleft\u00a0\u00bb row_border_radius=\u00a0\u00bbnone\u00a0\u00bb row_border_radius_applies=\u00a0\u00bbbg\u00a0\u00bb overflow=\u00a0\u00bbvisible\u00a0\u00bb disable_element=\u00a0\u00bbyes\u00a0\u00bb color_overlay=\u00a0\u00bb#091573&Prime; color_overlay_2=\u00a0\u00bbrgba(9,21,115,0.5)\u00a0\u00bb overlay_strength=\u00a0\u00bb0.5&Prime; gradient_direction=\u00a0\u00bbtop_to_bottom\u00a0\u00bb shape_divider_position=\u00a0\u00bbbottom\u00a0\u00bb bg_image_animation=\u00a0\u00bbzoom-out-slow\u00a0\u00bb parallax_bg=\u00a0\u00bbtrue\u00a0\u00bb parallax_bg_speed=\u00a0\u00bbfast\u00a0\u00bb gradient_type=\u00a0\u00bbdefault\u00a0\u00bb shape_type=\u00a0\u00bb\u00a0\u00bb][vc_column column_padding=\u00a0\u00bbno-extra-padding\u00a0\u00bb column_padding_tablet=\u00a0\u00bbinherit\u00a0\u00bb column_padding_phone=\u00a0\u00bbinherit\u00a0\u00bb column_padding_position=\u00a0\u00bball\u00a0\u00bb column_element_direction_desktop=\u00a0\u00bbdefault\u00a0\u00bb column_element_spacing=\u00a0\u00bbdefault\u00a0\u00bb desktop_text_alignment=\u00a0\u00bbdefault\u00a0\u00bb tablet_text_alignment=\u00a0\u00bbdefault\u00a0\u00bb phone_text_alignment=\u00a0\u00bbdefault\u00a0\u00bb background_color_opacity=\u00a0\u00bb1&Prime; background_hover_color_opacity=\u00a0\u00bb1&Prime; column_backdrop_filter=\u00a0\u00bbnone\u00a0\u00bb column_shadow=\u00a0\u00bbnone\u00a0\u00bb column_border_radius=\u00a0\u00bbnone\u00a0\u00bb column_link_target=\u00a0\u00bb_self\u00a0\u00bb column_position=\u00a0\u00bbdefault\u00a0\u00bb gradient_direction=\u00a0\u00bbleft_to_right\u00a0\u00bb overlay_strength=\u00a0\u00bb0.3&Prime; width=\u00a0\u00bb1\/1&Prime; tablet_width_inherit=\u00a0\u00bbdefault\u00a0\u00bb animation_type=\u00a0\u00bbdefault\u00a0\u00bb bg_image_animation=\u00a0\u00bbnone\u00a0\u00bb border_type=\u00a0\u00bbsimple\u00a0\u00bb column_border_width=\u00a0\u00bbnone\u00a0\u00bb column_border_style=\u00a0\u00bbsolid\u00a0\u00bb][split_line_heading animation_type=\u00a0\u00bbline-reveal-by-space\u00a0\u00bb font_style=\u00a0\u00bbh1&Prime; text_color=\u00a0\u00bb#ffffff\u00a0\u00bb line_reveal_by_space_text_effect=\u00a0\u00bbdefault\u00a0\u00bb content_alignment=\u00a0\u00bbdefault\u00a0\u00bb mobile_content_alignment=\u00a0\u00bbinherit\u00a0\u00bb link_target=\u00a0\u00bb_self\u00a0\u00bb text_content=\u00a0\u00bbIt is easy to rent a car in the Quebec region with Carly Car Rental!\u00a0\u00bb text_direction=\u00a0\u00bbdefault\u00a0\u00bb][\/split_line_heading][divider line_type=\u00a0\u00bbSmall Line\u00a0\u00bb line_alignment=\u00a0\u00bbdefault\u00a0\u00bb line_thickness=\u00a0\u00bb2&Prime; divider_color=\u00a0\u00bbwhite\u00a0\u00bb animate=\u00a0\u00bbyes\u00a0\u00bb custom_line_width=\u00a0\u00bb125&Prime;][\/vc_column][\/vc_row][vc_row type=\u00a0\u00bbin_container\u00a0\u00bb full_screen_row_position=\u00a0\u00bbmiddle\u00a0\u00bb column_margin=\u00a0\u00bbdefault\u00a0\u00bb column_direction=\u00a0\u00bbdefault\u00a0\u00bb column_direction_tablet=\u00a0\u00bbdefault\u00a0\u00bb column_direction_phone=\u00a0\u00bbdefault\u00a0\u00bb scene_position=\u00a0\u00bbcenter\u00a0\u00bb top_margin=\u00a0\u00bb75&Prime; bottom_margin=\u00a0\u00bb75&Prime; text_color=\u00a0\u00bbdark\u00a0\u00bb text_align=\u00a0\u00bbleft\u00a0\u00bb row_border_radius=\u00a0\u00bbnone\u00a0\u00bb row_border_radius_applies=\u00a0\u00bbbg\u00a0\u00bb overflow=\u00a0\u00bbvisible\u00a0\u00bb overlay_strength=\u00a0\u00bb0.3&Prime; gradient_direction=\u00a0\u00bbleft_to_right\u00a0\u00bb shape_divider_position=\u00a0\u00bbbottom\u00a0\u00bb bg_image_animation=\u00a0\u00bbnone\u00a0\u00bb gradient_type=\u00a0\u00bbdefault\u00a0\u00bb shape_type=\u00a0\u00bb\u00a0\u00bb][vc_column column_padding=\u00a0\u00bbno-extra-padding\u00a0\u00bb column_padding_tablet=\u00a0\u00bbinherit\u00a0\u00bb column_padding_phone=\u00a0\u00bbinherit\u00a0\u00bb column_padding_position=\u00a0\u00bball\u00a0\u00bb column_element_direction_desktop=\u00a0\u00bbdefault\u00a0\u00bb column_element_spacing=\u00a0\u00bbdefault\u00a0\u00bb desktop_text_alignment=\u00a0\u00bbdefault\u00a0\u00bb tablet_text_alignment=\u00a0\u00bbdefault\u00a0\u00bb phone_text_alignment=\u00a0\u00bbdefault\u00a0\u00bb background_color_opacity=\u00a0\u00bb1&Prime; background_hover_color_opacity=\u00a0\u00bb1&Prime; column_backdrop_filter=\u00a0\u00bbnone\u00a0\u00bb column_shadow=\u00a0\u00bbnone\u00a0\u00bb column_border_radius=\u00a0\u00bbnone\u00a0\u00bb column_link_target=\u00a0\u00bb_self\u00a0\u00bb column_position=\u00a0\u00bbdefault\u00a0\u00bb gradient_direction=\u00a0\u00bbleft_to_right\u00a0\u00bb overlay_strength=\u00a0\u00bb0.3&Prime; width=\u00a0\u00bb1\/1&Prime; tablet_width_inherit=\u00a0\u00bbdefault\u00a0\u00bb animation_type=\u00a0\u00bbdefault\u00a0\u00bb bg_image_animation=\u00a0\u00bbnone\u00a0\u00bb border_type=\u00a0\u00bbsimple\u00a0\u00bb column_border_width=\u00a0\u00bbnone\u00a0\u00bb column_border_style=\u00a0\u00bbsolid\u00a0\u00bb][toggles style=\u00a0\u00bbminimal_shadow\u00a0\u00bb accordion=\u00a0\u00bbtrue\u00a0\u00bb accordion_starting_functionality=\u00a0\u00bbdefault\u00a0\u00bb border_radius=\u00a0\u00bbnone\u00a0\u00bb][toggle color=\u00a0\u00bbDefault\u00a0\u00bb heading_tag=\u00a0\u00bbh5&Prime; heading_tag_functionality=\u00a0\u00bbdefault\u00a0\u00bb title=\u00a0\u00bbQui peut louer avec Carly Location ?\u00a0\u00bb][vc_column_text css=\u00a0\u00bb\u00a0\u00bb text_direction=\u00a0\u00bbdefault\u00a0\u00bb]Nos exigences de location :<\/p>\n<ul>\n<li>Avoir au moins 21 ans<\/li>\n<li>Avoir un permis de conduire valide (nous n\u2019acceptons pas les permis d\u2019apprenti ou d\u2019instructeur)<\/li>\n<li>Passeport valide (pour les clients qui ne sont pas des r\u00e9sidents canadiens)<\/li>\n<li>Avoir au moins une police transf\u00e9rable en cas de collision automobile, une assurance tous risques et une assurance responsabilit\u00e9 civile sur la classe de v\u00e9hicule r\u00e9serv\u00e9e<\/li>\n<\/ul>\n[\/vc_column_text][\/toggle][toggle color=\u00a0\u00bbDefault\u00a0\u00bb heading_tag=\u00a0\u00bbh5&Prime; heading_tag_functionality=\u00a0\u00bbdefault\u00a0\u00bb title=\u00a0\u00bbExiste-t-il des restrictions pour les conducteurs de moins de 25 ans?\u00a0\u00bb][vc_column_text css=\u00a0\u00bb\u00a0\u00bb text_direction=\u00a0\u00bbdefault\u00a0\u00bb]Si vous avez moins de 25 ans, vous pouvez louer les classes de v\u00e9hicules suivantes:<br \/>\nVUS \u00e9conomiques, compacts, petits et standard pouvant accueillir jusqu&rsquo;\u00e0 5 passagers et voitures pleine grandeur.<\/p>\n<p>Nous sommes certains que vous trouverez la voiture de votre choix m\u00eame si vous avez moins de 25 ans.[\/vc_column_text][\/toggle][toggle color=\u00a0\u00bbDefault\u00a0\u00bb heading_tag=\u00a0\u00bbh5&Prime; heading_tag_functionality=\u00a0\u00bbdefault\u00a0\u00bb title=\u00a0\u00bbDois-je payer des frais si j&rsquo;ai moins de 25 ans?\u00a0\u00bb][vc_column_text css=\u00a0\u00bb\u00a0\u00bb text_direction=\u00a0\u00bbdefault\u00a0\u00bb]Il y a des frais de 25 $ par jour pour les conducteurs \u00e2g\u00e9s de 21 \u00e0 24 ans.[\/vc_column_text][\/toggle][toggle color=\u00a0\u00bbDefault\u00a0\u00bb heading_tag=\u00a0\u00bbh5&Prime; heading_tag_functionality=\u00a0\u00bbdefault\u00a0\u00bb title=\u00a0\u00bbAvez-vous des exigences particuli\u00e8res en mati\u00e8re de permis de conduire pour les r\u00e9sidents canadiens?\u00a0\u00bb][vc_column_text css=\u00a0\u00bb\u00a0\u00bb text_direction=\u00a0\u00bbdefault\u00a0\u00bb]Les clients qui r\u00e9sident au Canada doivent pr\u00e9senter un permis de conduire valide et non expir\u00e9 d\u00e9livr\u00e9 par le gouvernement qui comprend une photographie du client.<\/p>\n<ul>\n<li>Les licences num\u00e9riques ne sont pas accept\u00e9es.<\/li>\n<li>Les photocopies des permis de conduire ne sont pas accept\u00e9es<\/li>\n<li>Les \u00ab permis d\u2019apprenti conducteur \u00bb ne sont pas accept\u00e9s<\/li>\n<li>Tout permis imposant l&rsquo;utilisation d&rsquo;un v\u00e9hicule \u00e9quip\u00e9 d&rsquo;un alcootest n&rsquo;est pas accept\u00e9.<\/li>\n<li>Le permis de conduire doit \u00eatre valide pour toute la dur\u00e9e de location.<\/li>\n<\/ul>\n[\/vc_column_text][\/toggle][toggle color=\u00a0\u00bbDefault\u00a0\u00bb heading_tag=\u00a0\u00bbh5&Prime; heading_tag_functionality=\u00a0\u00bbdefault\u00a0\u00bb title=\u00a0\u00bbAvez-vous des exigences particuli\u00e8res en mati\u00e8re de permis de conduire pour les r\u00e9sidents non canadiens?\u00a0\u00bb][vc_column_text css=\u00a0\u00bb\u00a0\u00bb text_direction=\u00a0\u00bbdefault\u00a0\u00bb]Les clients voyageant au Canada en provenance d&rsquo;un autre pays doivent pr\u00e9senter les \u00e9l\u00e9ments suivants:<\/p>\n<ul>\n<li>Permis de conduire de leur pays d&rsquo;origine, valide, non expir\u00e9 et comprenant une photographie<\/li>\n<li>Dans le cas o\u00f9 le permis de conduire de votre pays est dans une langue autre que l&rsquo;anglais ou le fran\u00e7ais et qu&rsquo;il est \u00e9crit avec l&rsquo;alphabet latin, nous vous recommandons d&rsquo;utiliser un permis de conduire international lors de la location avec nous.<\/li>\n<\/ul>\n<p>Si vous n&rsquo;\u00eates pas titulaire d&rsquo;un permis de conduire am\u00e9ricain ou canadien, vous devez fournir un passeport valide.[\/vc_column_text][\/toggle][toggle color=\u00a0\u00bbDefault\u00a0\u00bb heading_tag=\u00a0\u00bbh5&Prime; heading_tag_functionality=\u00a0\u00bbdefault\u00a0\u00bb title=\u00a0\u00bbQu&rsquo;est-ce que qui est interdit dans les voitures de location ?\u00a0\u00bb][vc_column_text css=\u00a0\u00bb\u00a0\u00bb text_direction=\u00a0\u00bbdefault\u00a0\u00bb]\n<ul>\n<li>Fumer ou vapoter dans la voiture<\/li>\n<li>Animaux de compagnie<\/li>\n<li>D\u00e9placements hors Qu\u00e9bec<\/li>\n<li>Voyages aux \u00c9tats-Unis<\/li>\n<li>L&rsquo;alcool et les drogues au volant<\/li>\n<li>Le cellulaire au volant<\/li>\n<\/ul>\n[\/vc_column_text][\/toggle][toggle color=\u00a0\u00bbDefault\u00a0\u00bb heading_tag=\u00a0\u00bbh5&Prime; heading_tag_functionality=\u00a0\u00bbdefault\u00a0\u00bb title=\u00a0\u00bbQuels sont les modalit\u00e9s de paiement?\u00a0\u00bb][vc_column_text css=\u00a0\u00bb\u00a0\u00bb text_direction=\u00a0\u00bbdefault\u00a0\u00bb]Nous acceptons les cartes VISA\u00ae et MasterCard\u00ae.[\/vc_column_text][\/toggle][toggle color=\u00a0\u00bbDefault\u00a0\u00bb heading_tag=\u00a0\u00bbh5&Prime; heading_tag_functionality=\u00a0\u00bbdefault\u00a0\u00bb title=\u00a0\u00bbA-t-on besoin de laisser un d\u00e9p\u00f4t ?\u00a0\u00bb][vc_column_text css=\u00a0\u00bb\u00a0\u00bb text_direction=\u00a0\u00bbdefault\u00a0\u00bb]Oui, toutes nos locations n\u00e9cessitent un d\u00e9p\u00f4t de s\u00e9curit\u00e9 obligatoire. En versant un d\u00e9p\u00f4t lors de la r\u00e9servation, vous confirmez votre r\u00e9servation. \u00c0 la fin de la location, si le v\u00e9hicule est dans le m\u00eame \u00e9tat, nous vous le rembourserons. Le d\u00e9p\u00f4t minimum est de 1 000 $.[\/vc_column_text][\/toggle][toggle color=\u00a0\u00bbDefault\u00a0\u00bb heading_tag=\u00a0\u00bbh5&Prime; heading_tag_functionality=\u00a0\u00bbdefault\u00a0\u00bb title=\u00a0\u00bbAvez-vous des frais pour les conducteurs suppl\u00e9mentaires?\u00a0\u00bb][vc_column_text css=\u00a0\u00bb\u00a0\u00bb text_direction=\u00a0\u00bbdefault\u00a0\u00bb]Il y a des frais de 10 $ par jour pour un conducteur suppl\u00e9mentaire.<\/p>\n<p>Toutefois, si un couple mari\u00e9 ou un partenaire domestique loue une voiture, il n&rsquo;est pas tenu de payer ces frais.<\/p>\n<p>Le conducteur suppl\u00e9mentaire doit \u00e9galement remplir les conditions de location.[\/vc_column_text][\/toggle][toggle color=\u00a0\u00bbDefault\u00a0\u00bb heading_tag=\u00a0\u00bbh5&Prime; heading_tag_functionality=\u00a0\u00bbdefault\u00a0\u00bb title=\u00a0\u00bbAvez-vous un service de d\u00e9p\u00f4t des cl\u00e9s en dehors des heures d&rsquo;ouverture ?\u00a0\u00bb][vc_column_text css=\u00a0\u00bb\u00a0\u00bb text_direction=\u00a0\u00bbdefault\u00a0\u00bb]Pour le moment, nous n&rsquo;offrons pas de service de d\u00e9p\u00f4t des cl\u00e9s en dehors des heures d&rsquo;ouverture.<\/p>\n<p>Nous sommes ouverts du lundi au vendredi, de 9 h \u00e0 17 h, le samedi de 9 h \u00e0 12 h, et le dimanche de 10 h \u00e0 12 h.<\/p>\n<p>Merci de retourner votre v\u00e9hicule durant les heures d&rsquo;ouverture ![\/vc_column_text][\/toggle][toggle color=\u00a0\u00bbDefault\u00a0\u00bb heading_tag=\u00a0\u00bbh5&Prime; heading_tag_functionality=\u00a0\u00bbdefault\u00a0\u00bb title=\u00a0\u00bbPuis-je voyager aux \u00c9tats-Unis avec le v\u00e9hicule que j&rsquo;ai lou\u00e9 avec vous?\u00a0\u00bb][vc_column_text css=\u00a0\u00bb\u00a0\u00bb text_direction=\u00a0\u00bbdefault\u00a0\u00bb]Malheureusement, tous les voyages aux \u00c9tats-Unis avec nos v\u00e9hicules sont interdits.[\/vc_column_text][\/toggle][toggle color=\u00a0\u00bbDefault\u00a0\u00bb heading_tag=\u00a0\u00bbh5&Prime; heading_tag_functionality=\u00a0\u00bbdefault\u00a0\u00bb title=\u00a0\u00bbOffrez-vous une exon\u00e9ration de dommages?\u00a0\u00bb][vc_column_text css=\u00a0\u00bb\u00a0\u00bb text_direction=\u00a0\u00bbdefault\u00a0\u00bb]Nous offrons une assurance dommages dont le co\u00fbt varie de 25,99 $ \u00e0 49,99 $ CA par jour, selon le type de v\u00e9hicule. Elle n&rsquo;est pas obligatoire, mais elle offre une protection financi\u00e8re suppl\u00e9mentaire en cas de perte ou de dommage au v\u00e9hicule. Contactez-nous pour plus de d\u00e9tails.[\/vc_column_text][\/toggle][toggle color=\u00a0\u00bbDefault\u00a0\u00bb heading_tag=\u00a0\u00bbh5&Prime; heading_tag_functionality=\u00a0\u00bbdefault\u00a0\u00bb title=\u00a0\u00bbQuelle est votre politique en mati\u00e8re de carburant?\u00a0\u00bb][vc_column_text css=\u00a0\u00bb\u00a0\u00bb text_direction=\u00a0\u00bbdefault\u00a0\u00bb]Nous avons deux options:<\/p>\n<ol>\n<li>Option Pr\u00e9pay\u00e9 \u2013 vous payez le carburant \u00e0 l\u2019avance et lorsqu\u2019il est temps de rapporter la voiture, vous n\u2019avez pas besoin de penser \u00e0 vous arr\u00eater \u00e0 une station-service.<\/li>\n<li>Option Nous remplissons \u2013 lorsque vous restituez la voiture dont le r\u00e9servoir n\u2019est pas plein, nous ferons le plein de carburant et vous facturerons le carburant manquant. Avec cette option, le prix au gallon sera un peu plus \u00e9lev\u00e9 que dans une station-service locale.<\/li>\n<\/ol>\n[\/vc_column_text][\/toggle][\/toggles][\/vc_column][\/vc_row]\n","protected":false},"excerpt":{"rendered":"<p>[vc_row type=\u00a0\u00bbfull_width_background\u00a0\u00bb full_screen_row_position=\u00a0\u00bbmiddle\u00a0\u00bb column_margin=\u00a0\u00bbdefault\u00a0\u00bb column_direction=\u00a0\u00bbdefault\u00a0\u00bb column_direction_tablet=\u00a0\u00bbdefault\u00a0\u00bb column_direction_phone=\u00a0\u00bbdefault\u00a0\u00bb bg_image=\u00a0\u00bb305&Prime; bg_position=\u00a0\u00bbcenter center\u00a0\u00bb background_image_loading=\u00a0\u00bbdefault\u00a0\u00bb bg_repeat=\u00a0\u00bbno-repeat\u00a0\u00bb scene_position=\u00a0\u00bbcenter\u00a0\u00bb top_padding=\u00a0\u00bb100&Prime; bottom_padding=\u00a0\u00bb100&Prime; text_color=\u00a0\u00bbdark\u00a0\u00bb text_align=\u00a0\u00bbleft\u00a0\u00bb row_border_radius=\u00a0\u00bbnone\u00a0\u00bb row_border_radius_applies=\u00a0\u00bbbg\u00a0\u00bb overflow=\u00a0\u00bbvisible\u00a0\u00bb disable_element=\u00a0\u00bbyes\u00a0\u00bb color_overlay=\u00a0\u00bb#091573&Prime; color_overlay_2=\u00a0\u00bbrgba(9,21,115,0.5)\u00a0\u00bb overlay_strength=\u00a0\u00bb0.5&Prime; gradient_direction=\u00a0\u00bbtop_to_bottom\u00a0\u00bb shape_divider_position=\u00a0\u00bbbottom\u00a0\u00bb bg_image_animation=\u00a0\u00bbzoom-out-slow\u00a0\u00bb parallax_bg=\u00a0\u00bbtrue\u00a0\u00bb parallax_bg_speed=\u00a0\u00bbfast\u00a0\u00bb gradient_type=\u00a0\u00bbdefault\u00a0\u00bb&#8230;<\/p>\n","protected":false},"author":3,"featured_media":0,"parent":0,"menu_order":0,"comment_status":"closed","ping_status":"closed","template":"","meta":{"footnotes":""},"class_list":["post-1227","page","type-page","status-publish"],"yoast_head":"<!-- This site is optimized with the Yoast SEO plugin v25.5 - https:\/\/yoast.com\/wordpress\/plugins\/seo\/ -->\n<title>Politique de Location - Premium Car Rental in Montreal - Carly<\/title>\n<meta name=\"description\" content=\"R\u00e9servez facilement votre voiture de location flexible \u00e0 Montr\u00e9al, pour des dur\u00e9es court et moyen termes, adapt\u00e9 \u00e0 vos besoins. Profitez d\u2019un service simple, rapide et flexible avec Carly.\" \/>\n<meta name=\"robots\" content=\"index, follow, max-snippet:-1, max-image-preview:large, max-video-preview:-1\" \/>\n<link rel=\"canonical\" href=\"https:\/\/carly.com\/fr\/politique-de-location\/\" \/>\n<meta property=\"og:locale\" content=\"fr_CA\" \/>\n<meta property=\"og:type\" content=\"article\" \/>\n<meta property=\"og:title\" content=\"Politique de Location - Premium Car Rental in Montreal - Carly\" \/>\n<meta property=\"og:description\" content=\"R\u00e9servez facilement votre voiture de location flexible \u00e0 Montr\u00e9al, pour des dur\u00e9es court et moyen termes, adapt\u00e9 \u00e0 vos besoins. Profitez d\u2019un service simple, rapide et flexible avec Carly.\" \/>\n<meta property=\"og:url\" content=\"https:\/\/carly.com\/fr\/politique-de-location\/\" \/>\n<meta property=\"og:site_name\" content=\"Premium Car Rental in Montreal - Carly\" \/>\n<meta property=\"article:modified_time\" content=\"2025-07-29T15:28:24+00:00\" \/>\n<meta name=\"twitter:card\" content=\"summary_large_image\" \/>\n<meta name=\"twitter:label1\" content=\"Estimation du temps de lecture\" \/>\n\t<meta name=\"twitter:data1\" content=\"4 minutes\" \/>\n<script type=\"application\/ld+json\" class=\"yoast-schema-graph\">{\"@context\":\"https:\/\/schema.org\",\"@graph\":[{\"@type\":\"WebPage\",\"@id\":\"https:\/\/carly.com\/fr\/politique-de-location\/\",\"url\":\"https:\/\/carly.com\/fr\/politique-de-location\/\",\"name\":\"Politique de Location - Premium Car Rental in Montreal - Carly\",\"isPartOf\":{\"@id\":\"https:\/\/carly.com\/fr\/#website\"},\"datePublished\":\"2024-01-30T17:26:32+00:00\",\"dateModified\":\"2025-07-29T15:28:24+00:00\",\"description\":\"R\u00e9servez facilement votre voiture de location flexible \u00e0 Montr\u00e9al, pour des dur\u00e9es court et moyen termes, adapt\u00e9 \u00e0 vos besoins. Profitez d\u2019un service simple, rapide et flexible avec Carly.\",\"breadcrumb\":{\"@id\":\"https:\/\/carly.com\/fr\/politique-de-location\/#breadcrumb\"},\"inLanguage\":\"fr-CA\",\"potentialAction\":[{\"@type\":\"ReadAction\",\"target\":[\"https:\/\/carly.com\/fr\/politique-de-location\/\"]}]},{\"@type\":\"BreadcrumbList\",\"@id\":\"https:\/\/carly.com\/fr\/politique-de-location\/#breadcrumb\",\"itemListElement\":[{\"@type\":\"ListItem\",\"position\":1,\"name\":\"Home\",\"item\":\"https:\/\/carly.com\/fr\/\"},{\"@type\":\"ListItem\",\"position\":2,\"name\":\"Politique de Location\"}]},{\"@type\":\"WebSite\",\"@id\":\"https:\/\/carly.com\/fr\/#website\",\"url\":\"https:\/\/carly.com\/fr\/\",\"name\":\"Premium Car Rental in Montreal - Carly\",\"description\":\"\",\"potentialAction\":[{\"@type\":\"SearchAction\",\"target\":{\"@type\":\"EntryPoint\",\"urlTemplate\":\"https:\/\/carly.com\/fr\/?s={search_term_string}\"},\"query-input\":{\"@type\":\"PropertyValueSpecification\",\"valueRequired\":true,\"valueName\":\"search_term_string\"}}],\"inLanguage\":\"fr-CA\"}]}<\/script>\n<!-- \/ Yoast SEO plugin. -->","yoast_head_json":{"title":"Politique de Location - Premium Car Rental in Montreal - Carly","description":"R\u00e9servez facilement votre voiture de location flexible \u00e0 Montr\u00e9al, pour des dur\u00e9es court et moyen termes, adapt\u00e9 \u00e0 vos besoins. Profitez d\u2019un service simple, rapide et flexible avec Carly.","robots":{"index":"index","follow":"follow","max-snippet":"max-snippet:-1","max-image-preview":"max-image-preview:large","max-video-preview":"max-video-preview:-1"},"canonical":"https:\/\/carly.com\/fr\/politique-de-location\/","og_locale":"fr_CA","og_type":"article","og_title":"Politique de Location - Premium Car Rental in Montreal - Carly","og_description":"R\u00e9servez facilement votre voiture de location flexible \u00e0 Montr\u00e9al, pour des dur\u00e9es court et moyen termes, adapt\u00e9 \u00e0 vos besoins. Profitez d\u2019un service simple, rapide et flexible avec Carly.","og_url":"https:\/\/carly.com\/fr\/politique-de-location\/","og_site_name":"Premium Car Rental in Montreal - Carly","article_modified_time":"2025-07-29T15:28:24+00:00","twitter_card":"summary_large_image","twitter_misc":{"Estimation du temps de lecture":"4 minutes"},"schema":{"@context":"https:\/\/schema.org","@graph":[{"@type":"WebPage","@id":"https:\/\/carly.com\/fr\/politique-de-location\/","url":"https:\/\/carly.com\/fr\/politique-de-location\/","name":"Politique de Location - Premium Car Rental in Montreal - Carly","isPartOf":{"@id":"https:\/\/carly.com\/fr\/#website"},"datePublished":"2024-01-30T17:26:32+00:00","dateModified":"2025-07-29T15:28:24+00:00","description":"R\u00e9servez facilement votre voiture de location flexible \u00e0 Montr\u00e9al, pour des dur\u00e9es court et moyen termes, adapt\u00e9 \u00e0 vos besoins. Profitez d\u2019un service simple, rapide et flexible avec Carly.","breadcrumb":{"@id":"https:\/\/carly.com\/fr\/politique-de-location\/#breadcrumb"},"inLanguage":"fr-CA","potentialAction":[{"@type":"ReadAction","target":["https:\/\/carly.com\/fr\/politique-de-location\/"]}]},{"@type":"BreadcrumbList","@id":"https:\/\/carly.com\/fr\/politique-de-location\/#breadcrumb","itemListElement":[{"@type":"ListItem","position":1,"name":"Home","item":"https:\/\/carly.com\/fr\/"},{"@type":"ListItem","position":2,"name":"Politique de Location"}]},{"@type":"WebSite","@id":"https:\/\/carly.com\/fr\/#website","url":"https:\/\/carly.com\/fr\/","name":"Premium Car Rental in Montreal - Carly","description":"","potentialAction":[{"@type":"SearchAction","target":{"@type":"EntryPoint","urlTemplate":"https:\/\/carly.com\/fr\/?s={search_term_string}"},"query-input":{"@type":"PropertyValueSpecification","valueRequired":true,"valueName":"search_term_string"}}],"inLanguage":"fr-CA"}]}},"_links":{"self":[{"href":"https:\/\/carly.com\/fr\/wp-json\/wp\/v2\/pages\/1227","targetHints":{"allow":["GET"]}}],"collection":[{"href":"https:\/\/carly.com\/fr\/wp-json\/wp\/v2\/pages"}],"about":[{"href":"https:\/\/carly.com\/fr\/wp-json\/wp\/v2\/types\/page"}],"author":[{"embeddable":true,"href":"https:\/\/carly.com\/fr\/wp-json\/wp\/v2\/users\/3"}],"replies":[{"embeddable":true,"href":"https:\/\/carly.com\/fr\/wp-json\/wp\/v2\/comments?post=1227"}],"version-history":[{"count":1,"href":"https:\/\/carly.com\/fr\/wp-json\/wp\/v2\/pages\/1227\/revisions"}],"predecessor-version":[{"id":1369,"href":"https:\/\/carly.com\/fr\/wp-json\/wp\/v2\/pages\/1227\/revisions\/1369"}],"wp:attachment":[{"href":"https:\/\/carly.com\/fr\/wp-json\/wp\/v2\/media?parent=1227"}],"curies":[{"name":"wp","href":"https:\/\/api.w.org\/{rel}","templated":true}]}}